{"id":51,"date":"2025-10-31T13:52:53","date_gmt":"2025-10-31T12:52:53","guid":{"rendered":"https:\/\/trad.hornstaging.no\/?page_id=51"},"modified":"2026-01-28T13:53:20","modified_gmt":"2026-01-28T12:53:20","slug":"space-planning","status":"publish","type":"page","link":"https:\/\/tekraad.no\/en\/fagfelt\/arealdisponering\/","title":{"rendered":"Space planning"},"content":{"rendered":"<h2 class=\"wp-block-heading\">Functional planning and space allocation of cultural buildings and technical areas<\/h2>\n\n\n\n<p>Functional planning and space allocation for cultural buildings and technical areas\nCorrect space allocation is essential for a well-functioning cultural building.&nbsp;<\/p>\n\n\n\n<p>Vi bist\u00e5r i tidligfase med vurdering av romprogram, plassering og sammenheng mellom\u00a0funksjoner i kulturbygg, skoler, kirker og konferanse- og flerbrukssaler. M\u00e5let er \u00e5 sikre\u00a0riktig funksjonell sammenheng mellom scene, sal, tekniske rom og st\u00f8ttearealer. Med\u00a0hensyn til drift, logistikk og teknisk gjennomf\u00f8ring sikrer vi at byggene f\u00e5r gode tekniske\u00a0l\u00f8sninger, logiske flytlinjer og muligheter for fleksibel bruk for b\u00e5de publikum, teknisk personell og\u00a0drift.\u00a0<\/p>\n\n\n\n<p>V\u00e5r erfaring fra teater, konsert, undervisning og AV-prosjekter gj\u00f8r at vi kan bidra med\u00a0realistiske anbefalinger for plassbehov, h\u00f8yder, adkomst og fleksibilitet.<\/p>\n\n\n\n<div style=\"height:20px\" aria-hidden=\"true\" class=\"wp-block-spacer\"><\/div>\n\n\n<figure class=\"wp-block-post-featured-image\"><img fetchpriority=\"high\" decoding=\"async\" width=\"2048\" height=\"1536\" src=\"https:\/\/tekraad.no\/wp-content\/uploads\/2025\/10\/2024-10-14-16.09.39-scaled-1.jpg\" class=\"attachment-post-thumbnail size-post-thumbnail wp-post-image\" alt=\"Et tomt, moderne flerbrukshus eller teatersal med lyst tregulv. R\u00f8de stoler er stablet langs begge sideveggene. I bakgrunnen f\u00f8rer to trapper opp til et galleri med faste sitteplasser. Taket har dekorative trelameller og integrert line\u00e6r belysning.\" style=\"object-fit:cover;\" srcset=\"https:\/\/tekraad.no\/wp-content\/uploads\/2025\/10\/2024-10-14-16.09.39-scaled-1.jpg 2048w, https:\/\/tekraad.no\/wp-content\/uploads\/2025\/10\/2024-10-14-16.09.39-scaled-1-300x225.jpg 300w, https:\/\/tekraad.no\/wp-content\/uploads\/2025\/10\/2024-10-14-16.09.39-scaled-1-1024x768.jpg 1024w, https:\/\/tekraad.no\/wp-content\/uploads\/2025\/10\/2024-10-14-16.09.39-scaled-1-768x576.jpg 768w, https:\/\/tekraad.no\/wp-content\/uploads\/2025\/10\/2024-10-14-16.09.39-scaled-1-1536x1152.jpg 1536w, https:\/\/tekraad.no\/wp-content\/uploads\/2025\/10\/2024-10-14-16.09.39-scaled-1-16x12.jpg 16w\" sizes=\"(max-width: 2048px) 100vw, 2048px\" \/><\/figure>\n\n\n<div style=\"height:20px\" aria-hidden=\"true\" class=\"wp-block-spacer\"><\/div>\n\n\n\n<h3 class=\"wp-block-heading\">Our role<\/h3>\n\n\n\n<p>As consultants with experience in both stage-technical operations and engineering, we help ensure functional solutions in the early planning phase. We assess space requirements, room heights, access and sightlines, and ensure that technical functions such as stage, audience hall, control room and storage areas are correctly placed in relation to each other and to the overall building structure.<\/p>\n\n\n\n<h3 class=\"wp-block-heading\">Typical deliverables<\/h3>\n\n\n\n<ul class=\"wp-block-list\">\n<li>Contributions to concept and feasibility studies<\/li>\n\n\n\n<li>Utvikling og analyse av romprogram og funksjonelle behov<\/li>\n\n\n\n<li>Sketch plans and functional descriptions<\/li>\n\n\n\n<li>Coordination between audience areas, stage and operational zones<\/li>\n\n\n\n<li>Anbefaling av tekniske rom og arbeidsh\u00f8yder med infrastruktur mellom produksjonsarealer og scenerom<\/li>\n\n\n\n<li>Assessment of logistics for load-in\/load-out, operations and audience flow<\/li>\n\n\n\n<li>Mapping of space requirements for future use and flexibility<\/li>\n<\/ul>\n\n\n\n<h3 class=\"wp-block-heading\">Key areas we focus on<\/h3>\n\n\n\n<ul class=\"wp-block-list\">\n<li><strong>Stage spaces:<\/strong> dimensions, heights and access<\/li>\n\n\n\n<li><strong>Audience hall: <\/strong>sightlines, acoustics and comfort<\/li>\n\n\n\n<li><strong>Technical rooms:<\/strong> placement, size, environment and accessibility<\/li>\n\n\n\n<li><strong>Support functions:<\/strong> storage, workshops and backstage areas<\/li>\n\n\n\n<li><strong>Logistics:<\/strong> loading zones and flow for technical and operational work<\/li>\n<\/ul>\n\n\n\n<h3 class=\"wp-block-heading\">Coordination and collaboration<\/h3>\n\n\n\n<p>We work closely with architects and other consultants to ensure that technical and functional needs are addressed early in the building and spatial design. Through interdisciplinary coordination, we secure a strong balance between aesthetics, function and operational efficiency.<\/p>\n\n\n\n<h2 class=\"wp-block-heading\">When space planning is relevant<\/h2>\n\n\n\n<ul class=\"wp-block-list\">\n<li>In early-phase and concept development of new cultural buildings<\/li>\n\n\n\n<li>When renovating existing stages and multipurpose halls<\/li>\n\n\n\n<li>When room programmes must be evaluated against technical requirements<\/li>\n\n\n\n<li>In projects with high demands for flexibility and efficient space usage<\/li>\n<\/ul>\n\n\n\n<p>Riktig arealdisponering gir bedre funksjon, lavere kostnader og tryggere drift.\u00a0Gjennom praktisk erfaring og teknisk forst\u00e5else bidrar vi til bygg som fungerer b\u00e5de for\u00a0publikum, brukere og drift, i dag og i fremtiden.<\/p>","protected":false},"excerpt":{"rendered":"<p>We assess room programmes, placement, logistics and technical needs to ensure functional, flexible and efficient cultural buildings.<\/p>","protected":false},"author":1,"featured_media":146,"parent":20,"menu_order":0,"comment_status":"closed","ping_status":"closed","template":"","meta":{"_acf_changed":false,"footnotes":""},"mal-kategori":[9],"class_list":["post-51","page","type-page","status-publish","has-post-thumbnail","hentry","mal-kategori-fagomrade"],"acf":[],"yoast_head":"<!-- This site is optimized with the Yoast SEO plugin v27.3 - https:\/\/yoast.com\/product\/yoast-seo-wordpress\/ -->\n<title>Arealdisponering for funksjonelle kulturbygg | TR\u00c5D AS<\/title>\n<meta name=\"description\" content=\"TR\u00c5D AS sikrer optimal romplanlegging for kulturhus, scener og tekniske arealer \u2013 med fokus p\u00e5 logistikk, fleksibilitet og teknisk funksjon.\" \/>\n<meta name=\"robots\" content=\"index, follow, max-snippet:-1, max-image-preview:large, max-video-preview:-1\" \/>\n<link rel=\"canonical\" href=\"https:\/\/tekraad.no\/en\/disciplines\/space-planning\/\" \/>\n<meta property=\"og:locale\" content=\"en_GB\" \/>\n<meta property=\"og:type\" content=\"article\" \/>\n<meta property=\"og:title\" content=\"Arealdisponering for funksjonelle kulturbygg | TR\u00c5D AS\" \/>\n<meta property=\"og:description\" content=\"TR\u00c5D AS sikrer optimal romplanlegging for kulturhus, scener og tekniske arealer \u2013 med fokus p\u00e5 logistikk, fleksibilitet og teknisk funksjon.\" \/>\n<meta property=\"og:url\" content=\"https:\/\/tekraad.no\/en\/disciplines\/space-planning\/\" \/>\n<meta property=\"og:site_name\" content=\"TR\u00c5D AS\" \/>\n<meta property=\"article:publisher\" content=\"https:\/\/www.facebook.com\/traadface\/?locale=nb_NO\" \/>\n<meta property=\"article:modified_time\" content=\"2026-01-28T12:53:20+00:00\" \/>\n<meta property=\"og:image\" content=\"https:\/\/tekraad.no\/wp-content\/uploads\/2025\/10\/2024-10-14-16.09.39-scaled-1.jpg\" \/>\n\t<meta property=\"og:image:width\" content=\"2048\" \/>\n\t<meta property=\"og:image:height\" content=\"1536\" \/>\n\t<meta property=\"og:image:type\" content=\"image\/jpeg\" \/>\n<meta name=\"twitter:card\" content=\"summary_large_image\" \/>\n<meta name=\"twitter:label1\" content=\"Estimated reading time\" \/>\n\t<meta name=\"twitter:data1\" content=\"3 minutes\" \/>\n<script type=\"application\/ld+json\" class=\"yoast-schema-graph\">{\"@context\":\"https:\\\/\\\/schema.org\",\"@graph\":[{\"@type\":\"WebPage\",\"@id\":\"https:\\\/\\\/tekraad.no\\\/fagfelt\\\/arealdisponering\\\/\",\"url\":\"https:\\\/\\\/tekraad.no\\\/fagfelt\\\/arealdisponering\\\/\",\"name\":\"Arealdisponering for funksjonelle kulturbygg | TR\u00c5D AS\",\"isPartOf\":{\"@id\":\"https:\\\/\\\/tekraad.no\\\/#website\"},\"primaryImageOfPage\":{\"@id\":\"https:\\\/\\\/tekraad.no\\\/fagfelt\\\/arealdisponering\\\/#primaryimage\"},\"image\":{\"@id\":\"https:\\\/\\\/tekraad.no\\\/fagfelt\\\/arealdisponering\\\/#primaryimage\"},\"thumbnailUrl\":\"https:\\\/\\\/tekraad.no\\\/wp-content\\\/uploads\\\/2025\\\/10\\\/2024-10-14-16.09.39-scaled-1.jpg\",\"datePublished\":\"2025-10-31T12:52:53+00:00\",\"dateModified\":\"2026-01-28T12:53:20+00:00\",\"description\":\"TR\u00c5D AS sikrer optimal romplanlegging for kulturhus, scener og tekniske arealer \u2013 med fokus p\u00e5 logistikk, fleksibilitet og teknisk funksjon.\",\"breadcrumb\":{\"@id\":\"https:\\\/\\\/tekraad.no\\\/fagfelt\\\/arealdisponering\\\/#breadcrumb\"},\"inLanguage\":\"en-GB\",\"potentialAction\":[{\"@type\":\"ReadAction\",\"target\":[\"https:\\\/\\\/tekraad.no\\\/fagfelt\\\/arealdisponering\\\/\"]}]},{\"@type\":\"ImageObject\",\"inLanguage\":\"en-GB\",\"@id\":\"https:\\\/\\\/tekraad.no\\\/fagfelt\\\/arealdisponering\\\/#primaryimage\",\"url\":\"https:\\\/\\\/tekraad.no\\\/wp-content\\\/uploads\\\/2025\\\/10\\\/2024-10-14-16.09.39-scaled-1.jpg\",\"contentUrl\":\"https:\\\/\\\/tekraad.no\\\/wp-content\\\/uploads\\\/2025\\\/10\\\/2024-10-14-16.09.39-scaled-1.jpg\",\"width\":2048,\"height\":1536,\"caption\":\"Et tomt, moderne flerbrukshus eller teatersal med lyst tregulv. R\u00f8de stoler er stablet langs begge sideveggene. I bakgrunnen f\u00f8rer to trapper opp til et galleri med faste sitteplasser. Taket har dekorative trelameller og integrert line\u00e6r belysning.\"},{\"@type\":\"BreadcrumbList\",\"@id\":\"https:\\\/\\\/tekraad.no\\\/fagfelt\\\/arealdisponering\\\/#breadcrumb\",\"itemListElement\":[{\"@type\":\"ListItem\",\"position\":1,\"name\":\"Hjem\",\"item\":\"https:\\\/\\\/tekraad.no\\\/\"},{\"@type\":\"ListItem\",\"position\":2,\"name\":\"V\u00e5re fagfelt\",\"item\":\"https:\\\/\\\/tekraad.no\\\/fagfelt\\\/\"},{\"@type\":\"ListItem\",\"position\":3,\"name\":\"Arealdisponering\"}]},{\"@type\":\"WebSite\",\"@id\":\"https:\\\/\\\/tekraad.no\\\/#website\",\"url\":\"https:\\\/\\\/tekraad.no\\\/\",\"name\":\"TR\u00c5D AS\",\"description\":\"Teknisk r\u00e5dgivning innen lyd, lys, bilde og scene\",\"publisher\":{\"@id\":\"https:\\\/\\\/tekraad.no\\\/#organization\"},\"alternateName\":\"TR\u00c5D AS\",\"potentialAction\":[{\"@type\":\"SearchAction\",\"target\":{\"@type\":\"EntryPoint\",\"urlTemplate\":\"https:\\\/\\\/tekraad.no\\\/?s={search_term_string}\"},\"query-input\":{\"@type\":\"PropertyValueSpecification\",\"valueRequired\":true,\"valueName\":\"search_term_string\"}}],\"inLanguage\":\"en-GB\"},{\"@type\":\"Organization\",\"@id\":\"https:\\\/\\\/tekraad.no\\\/#organization\",\"name\":\"TR\u00c5D AS\",\"alternateName\":\"TR\u00c5D AS\",\"url\":\"https:\\\/\\\/tekraad.no\\\/\",\"logo\":{\"@type\":\"ImageObject\",\"inLanguage\":\"en-GB\",\"@id\":\"https:\\\/\\\/tekraad.no\\\/#\\\/schema\\\/logo\\\/image\\\/\",\"url\":\"https:\\\/\\\/tekraad.no\\\/wp-content\\\/uploads\\\/2025\\\/10\\\/Logo-hvit-tekst-u-bakgrunn-e1763987293366.png\",\"contentUrl\":\"https:\\\/\\\/tekraad.no\\\/wp-content\\\/uploads\\\/2025\\\/10\\\/Logo-hvit-tekst-u-bakgrunn-e1763987293366.png\",\"width\":1450,\"height\":602,\"caption\":\"TR\u00c5D AS\"},\"image\":{\"@id\":\"https:\\\/\\\/tekraad.no\\\/#\\\/schema\\\/logo\\\/image\\\/\"},\"sameAs\":[\"https:\\\/\\\/www.facebook.com\\\/traadface\\\/?locale=nb_NO\",\"https:\\\/\\\/no.linkedin.com\\\/company\\\/tekraad\"]}]}<\/script>\n<!-- \/ Yoast SEO plugin. -->","yoast_head_json":{"title":"Space planning for functional cultural buildings | TR\u00c5D AS","description":"TR\u00c5D AS ensures optimal room planning for cultural centres, stages and technical areas \u2013 with a focus on logistics, flexibility and technical functionality.","robots":{"index":"index","follow":"follow","max-snippet":"max-snippet:-1","max-image-preview":"max-image-preview:large","max-video-preview":"max-video-preview:-1"},"canonical":"https:\/\/tekraad.no\/en\/disciplines\/space-planning\/","og_locale":"en_GB","og_type":"article","og_title":"Arealdisponering for funksjonelle kulturbygg | TR\u00c5D AS","og_description":"TR\u00c5D AS sikrer optimal romplanlegging for kulturhus, scener og tekniske arealer \u2013 med fokus p\u00e5 logistikk, fleksibilitet og teknisk funksjon.","og_url":"https:\/\/tekraad.no\/en\/disciplines\/space-planning\/","og_site_name":"TR\u00c5D AS","article_publisher":"https:\/\/www.facebook.com\/traadface\/?locale=nb_NO","article_modified_time":"2026-01-28T12:53:20+00:00","og_image":[{"width":2048,"height":1536,"url":"https:\/\/tekraad.no\/wp-content\/uploads\/2025\/10\/2024-10-14-16.09.39-scaled-1.jpg","type":"image\/jpeg"}],"twitter_card":"summary_large_image","twitter_misc":{"Estimated reading time":"3 minutes"},"schema":{"@context":"https:\/\/schema.org","@graph":[{"@type":"WebPage","@id":"https:\/\/tekraad.no\/fagfelt\/arealdisponering\/","url":"https:\/\/tekraad.no\/fagfelt\/arealdisponering\/","name":"Space planning for functional cultural buildings | TR\u00c5D AS","isPartOf":{"@id":"https:\/\/tekraad.no\/#website"},"primaryImageOfPage":{"@id":"https:\/\/tekraad.no\/fagfelt\/arealdisponering\/#primaryimage"},"image":{"@id":"https:\/\/tekraad.no\/fagfelt\/arealdisponering\/#primaryimage"},"thumbnailUrl":"https:\/\/tekraad.no\/wp-content\/uploads\/2025\/10\/2024-10-14-16.09.39-scaled-1.jpg","datePublished":"2025-10-31T12:52:53+00:00","dateModified":"2026-01-28T12:53:20+00:00","description":"TR\u00c5D AS ensures optimal room planning for cultural centres, stages and technical areas \u2013 with a focus on logistics, flexibility and technical functionality.","breadcrumb":{"@id":"https:\/\/tekraad.no\/fagfelt\/arealdisponering\/#breadcrumb"},"inLanguage":"en-GB","potentialAction":[{"@type":"ReadAction","target":["https:\/\/tekraad.no\/fagfelt\/arealdisponering\/"]}]},{"@type":"ImageObject","inLanguage":"en-GB","@id":"https:\/\/tekraad.no\/fagfelt\/arealdisponering\/#primaryimage","url":"https:\/\/tekraad.no\/wp-content\/uploads\/2025\/10\/2024-10-14-16.09.39-scaled-1.jpg","contentUrl":"https:\/\/tekraad.no\/wp-content\/uploads\/2025\/10\/2024-10-14-16.09.39-scaled-1.jpg","width":2048,"height":1536,"caption":"Et tomt, moderne flerbrukshus eller teatersal med lyst tregulv. R\u00f8de stoler er stablet langs begge sideveggene. I bakgrunnen f\u00f8rer to trapper opp til et galleri med faste sitteplasser. Taket har dekorative trelameller og integrert line\u00e6r belysning."},{"@type":"BreadcrumbList","@id":"https:\/\/tekraad.no\/fagfelt\/arealdisponering\/#breadcrumb","itemListElement":[{"@type":"ListItem","position":1,"name":"Hjem","item":"https:\/\/tekraad.no\/"},{"@type":"ListItem","position":2,"name":"V\u00e5re fagfelt","item":"https:\/\/tekraad.no\/fagfelt\/"},{"@type":"ListItem","position":3,"name":"Arealdisponering"}]},{"@type":"WebSite","@id":"https:\/\/tekraad.no\/#website","url":"https:\/\/tekraad.no\/","name":"TR\u00c5D AS","description":"Teknisk r\u00e5dgivning innen lyd, lys, bilde og scene","publisher":{"@id":"https:\/\/tekraad.no\/#organization"},"alternateName":"TR\u00c5D AS","potentialAction":[{"@type":"SearchAction","target":{"@type":"EntryPoint","urlTemplate":"https:\/\/tekraad.no\/?s={search_term_string}"},"query-input":{"@type":"PropertyValueSpecification","valueRequired":true,"valueName":"search_term_string"}}],"inLanguage":"en-GB"},{"@type":"Organization","@id":"https:\/\/tekraad.no\/#organization","name":"TR\u00c5D AS","alternateName":"TR\u00c5D AS","url":"https:\/\/tekraad.no\/","logo":{"@type":"ImageObject","inLanguage":"en-GB","@id":"https:\/\/tekraad.no\/#\/schema\/logo\/image\/","url":"https:\/\/tekraad.no\/wp-content\/uploads\/2025\/10\/Logo-hvit-tekst-u-bakgrunn-e1763987293366.png","contentUrl":"https:\/\/tekraad.no\/wp-content\/uploads\/2025\/10\/Logo-hvit-tekst-u-bakgrunn-e1763987293366.png","width":1450,"height":602,"caption":"TR\u00c5D AS"},"image":{"@id":"https:\/\/tekraad.no\/#\/schema\/logo\/image\/"},"sameAs":["https:\/\/www.facebook.com\/traadface\/?locale=nb_NO","https:\/\/no.linkedin.com\/company\/tekraad"]}]}},"_links":{"self":[{"href":"https:\/\/tekraad.no\/en\/wp-json\/wp\/v2\/pages\/51","targetHints":{"allow":["GET"]}}],"collection":[{"href":"https:\/\/tekraad.no\/en\/wp-json\/wp\/v2\/pages"}],"about":[{"href":"https:\/\/tekraad.no\/en\/wp-json\/wp\/v2\/types\/page"}],"author":[{"embeddable":true,"href":"https:\/\/tekraad.no\/en\/wp-json\/wp\/v2\/users\/1"}],"replies":[{"embeddable":true,"href":"https:\/\/tekraad.no\/en\/wp-json\/wp\/v2\/comments?post=51"}],"version-history":[{"count":5,"href":"https:\/\/tekraad.no\/en\/wp-json\/wp\/v2\/pages\/51\/revisions"}],"predecessor-version":[{"id":1192,"href":"https:\/\/tekraad.no\/en\/wp-json\/wp\/v2\/pages\/51\/revisions\/1192"}],"up":[{"embeddable":true,"href":"https:\/\/tekraad.no\/en\/wp-json\/wp\/v2\/pages\/20"}],"wp:featuredmedia":[{"embeddable":true,"href":"https:\/\/tekraad.no\/en\/wp-json\/wp\/v2\/media\/146"}],"wp:attachment":[{"href":"https:\/\/tekraad.no\/en\/wp-json\/wp\/v2\/media?parent=51"}],"wp:term":[{"taxonomy":"mal-kategori","embeddable":true,"href":"https:\/\/tekraad.no\/en\/wp-json\/wp\/v2\/mal-kategori?post=51"}],"curies":[{"name":"wp","href":"https:\/\/api.w.org\/{rel}","templated":true}]}}