{"id":33,"date":"2025-10-31T13:51:04","date_gmt":"2025-10-31T12:51:04","guid":{"rendered":"https:\/\/trad.hornstaging.no\/?page_id=33"},"modified":"2026-01-26T11:02:23","modified_gmt":"2026-01-26T10:02:23","slug":"coordination","status":"publish","type":"page","link":"https:\/\/tekraad.no\/en\/tjenester\/koordinering\/","title":{"rendered":"Coordination"},"content":{"rendered":"<p>We participate actively in collaborative projects and contribute to interdisciplinary coordination between architects, structural engineers, electrical engineers, acoustic consultants and other specialists. Our role is to safeguard stage technology and audiovisual disciplines in the design process, ensuring that everything from cable routing to load-bearing structures works in practice. The result is better overall solutions and fewer technical conflicts during construction.<\/p>\n\n\n\n<div style=\"height:20px\" aria-hidden=\"true\" class=\"wp-block-spacer\"><\/div>\n\n\n<figure class=\"wp-block-post-featured-image\"><img fetchpriority=\"high\" decoding=\"async\" width=\"2048\" height=\"1365\" src=\"https:\/\/tekraad.no\/wp-content\/uploads\/2026\/01\/Koordinering-1.jpg\" class=\"attachment-post-thumbnail size-post-thumbnail wp-post-image\" alt=\"Tre personer sitter rundt et m\u00f8tebord og diskuterer tekniske tegninger. En stor skjerm p\u00e5 veggen viser en detaljert plantegning av et rom med tekniske spesifikasjoner.\" style=\"object-fit:cover;\" srcset=\"https:\/\/tekraad.no\/wp-content\/uploads\/2026\/01\/Koordinering-1.jpg 2048w, https:\/\/tekraad.no\/wp-content\/uploads\/2026\/01\/Koordinering-1-300x200.jpg 300w, https:\/\/tekraad.no\/wp-content\/uploads\/2026\/01\/Koordinering-1-1024x683.jpg 1024w, https:\/\/tekraad.no\/wp-content\/uploads\/2026\/01\/Koordinering-1-768x512.jpg 768w, https:\/\/tekraad.no\/wp-content\/uploads\/2026\/01\/Koordinering-1-1536x1024.jpg 1536w, https:\/\/tekraad.no\/wp-content\/uploads\/2026\/01\/Koordinering-1-18x12.jpg 18w\" sizes=\"(max-width: 2048px) 100vw, 2048px\" \/><\/figure>","protected":false},"excerpt":{"rendered":"<p>We ensure seamless interdisciplinary coordination between architects, structural engineers, electrical engineers and other disciplines, so that technical solutions work effectively in practice.<\/p>","protected":false},"author":1,"featured_media":1147,"parent":19,"menu_order":0,"comment_status":"closed","ping_status":"closed","template":"","meta":{"_acf_changed":false,"footnotes":""},"mal-kategori":[8],"class_list":["post-33","page","type-page","status-publish","has-post-thumbnail","hentry","mal-kategori-tjenesteside"],"acf":[],"yoast_head":"<!-- This site is optimized with the Yoast SEO plugin v27.3 - https:\/\/yoast.com\/product\/yoast-seo-wordpress\/ -->\n<title>Tverrfaglig koordinering for AV og sceneteknikk | TR\u00c5D AS<\/title>\n<meta name=\"description\" content=\"TR\u00c5D AS koordinerer tekniske fag i byggeprosjekter for s\u00f8ml\u00f8s integrasjon av AV, lyd, lys, scene og mekanikk \u2013 fra plan til bygging.\" \/>\n<meta name=\"robots\" content=\"index, follow, max-snippet:-1, max-image-preview:large, max-video-preview:-1\" \/>\n<link rel=\"canonical\" href=\"https:\/\/tekraad.no\/en\/services\/coordination\/\" \/>\n<meta property=\"og:locale\" content=\"en_GB\" \/>\n<meta property=\"og:type\" content=\"article\" \/>\n<meta property=\"og:title\" content=\"Tverrfaglig koordinering for AV og sceneteknikk | TR\u00c5D AS\" \/>\n<meta property=\"og:description\" content=\"TR\u00c5D AS koordinerer tekniske fag i byggeprosjekter for s\u00f8ml\u00f8s integrasjon av AV, lyd, lys, scene og mekanikk \u2013 fra plan til bygging.\" \/>\n<meta property=\"og:url\" content=\"https:\/\/tekraad.no\/en\/services\/coordination\/\" \/>\n<meta property=\"og:site_name\" content=\"TR\u00c5D AS\" \/>\n<meta property=\"article:publisher\" content=\"https:\/\/www.facebook.com\/traadface\/?locale=nb_NO\" \/>\n<meta property=\"article:modified_time\" content=\"2026-01-26T10:02:23+00:00\" \/>\n<meta property=\"og:image\" content=\"https:\/\/tekraad.no\/wp-content\/uploads\/2026\/01\/Koordinering-1.jpg\" \/>\n\t<meta property=\"og:image:width\" content=\"2048\" \/>\n\t<meta property=\"og:image:height\" content=\"1365\" \/>\n\t<meta property=\"og:image:type\" content=\"image\/jpeg\" \/>\n<meta name=\"twitter:card\" content=\"summary_large_image\" \/>\n<meta name=\"twitter:label1\" content=\"Estimated reading time\" \/>\n\t<meta name=\"twitter:data1\" content=\"1 minute\" \/>\n<script type=\"application\/ld+json\" class=\"yoast-schema-graph\">{\"@context\":\"https:\\\/\\\/schema.org\",\"@graph\":[{\"@type\":\"WebPage\",\"@id\":\"https:\\\/\\\/tekraad.no\\\/tjenester\\\/koordinering\\\/\",\"url\":\"https:\\\/\\\/tekraad.no\\\/tjenester\\\/koordinering\\\/\",\"name\":\"Tverrfaglig koordinering for AV og sceneteknikk | TR\u00c5D AS\",\"isPartOf\":{\"@id\":\"https:\\\/\\\/tekraad.no\\\/#website\"},\"primaryImageOfPage\":{\"@id\":\"https:\\\/\\\/tekraad.no\\\/tjenester\\\/koordinering\\\/#primaryimage\"},\"image\":{\"@id\":\"https:\\\/\\\/tekraad.no\\\/tjenester\\\/koordinering\\\/#primaryimage\"},\"thumbnailUrl\":\"https:\\\/\\\/tekraad.no\\\/wp-content\\\/uploads\\\/2026\\\/01\\\/Koordinering-1.jpg\",\"datePublished\":\"2025-10-31T12:51:04+00:00\",\"dateModified\":\"2026-01-26T10:02:23+00:00\",\"description\":\"TR\u00c5D AS koordinerer tekniske fag i byggeprosjekter for s\u00f8ml\u00f8s integrasjon av AV, lyd, lys, scene og mekanikk \u2013 fra plan til bygging.\",\"breadcrumb\":{\"@id\":\"https:\\\/\\\/tekraad.no\\\/tjenester\\\/koordinering\\\/#breadcrumb\"},\"inLanguage\":\"en-GB\",\"potentialAction\":[{\"@type\":\"ReadAction\",\"target\":[\"https:\\\/\\\/tekraad.no\\\/tjenester\\\/koordinering\\\/\"]}]},{\"@type\":\"ImageObject\",\"inLanguage\":\"en-GB\",\"@id\":\"https:\\\/\\\/tekraad.no\\\/tjenester\\\/koordinering\\\/#primaryimage\",\"url\":\"https:\\\/\\\/tekraad.no\\\/wp-content\\\/uploads\\\/2026\\\/01\\\/Koordinering-1.jpg\",\"contentUrl\":\"https:\\\/\\\/tekraad.no\\\/wp-content\\\/uploads\\\/2026\\\/01\\\/Koordinering-1.jpg\",\"width\":2048,\"height\":1365,\"caption\":\"Tre personer sitter rundt et m\u00f8tebord og diskuterer tekniske tegninger. En stor skjerm p\u00e5 veggen viser en detaljert plantegning av et rom med tekniske spesifikasjoner.\"},{\"@type\":\"BreadcrumbList\",\"@id\":\"https:\\\/\\\/tekraad.no\\\/tjenester\\\/koordinering\\\/#breadcrumb\",\"itemListElement\":[{\"@type\":\"ListItem\",\"position\":1,\"name\":\"Hjem\",\"item\":\"https:\\\/\\\/tekraad.no\\\/\"},{\"@type\":\"ListItem\",\"position\":2,\"name\":\"Tjenester\",\"item\":\"https:\\\/\\\/tekraad.no\\\/tjenester\\\/\"},{\"@type\":\"ListItem\",\"position\":3,\"name\":\"Koordinering\"}]},{\"@type\":\"WebSite\",\"@id\":\"https:\\\/\\\/tekraad.no\\\/#website\",\"url\":\"https:\\\/\\\/tekraad.no\\\/\",\"name\":\"TR\u00c5D AS\",\"description\":\"Teknisk r\u00e5dgivning innen lyd, lys, bilde og scene\",\"publisher\":{\"@id\":\"https:\\\/\\\/tekraad.no\\\/#organization\"},\"alternateName\":\"TR\u00c5D AS\",\"potentialAction\":[{\"@type\":\"SearchAction\",\"target\":{\"@type\":\"EntryPoint\",\"urlTemplate\":\"https:\\\/\\\/tekraad.no\\\/?s={search_term_string}\"},\"query-input\":{\"@type\":\"PropertyValueSpecification\",\"valueRequired\":true,\"valueName\":\"search_term_string\"}}],\"inLanguage\":\"en-GB\"},{\"@type\":\"Organization\",\"@id\":\"https:\\\/\\\/tekraad.no\\\/#organization\",\"name\":\"TR\u00c5D AS\",\"alternateName\":\"TR\u00c5D AS\",\"url\":\"https:\\\/\\\/tekraad.no\\\/\",\"logo\":{\"@type\":\"ImageObject\",\"inLanguage\":\"en-GB\",\"@id\":\"https:\\\/\\\/tekraad.no\\\/#\\\/schema\\\/logo\\\/image\\\/\",\"url\":\"https:\\\/\\\/tekraad.no\\\/wp-content\\\/uploads\\\/2025\\\/10\\\/Logo-hvit-tekst-u-bakgrunn-e1763987293366.png\",\"contentUrl\":\"https:\\\/\\\/tekraad.no\\\/wp-content\\\/uploads\\\/2025\\\/10\\\/Logo-hvit-tekst-u-bakgrunn-e1763987293366.png\",\"width\":1450,\"height\":602,\"caption\":\"TR\u00c5D AS\"},\"image\":{\"@id\":\"https:\\\/\\\/tekraad.no\\\/#\\\/schema\\\/logo\\\/image\\\/\"},\"sameAs\":[\"https:\\\/\\\/www.facebook.com\\\/traadface\\\/?locale=nb_NO\",\"https:\\\/\\\/no.linkedin.com\\\/company\\\/tekraad\"]}]}<\/script>\n<!-- \/ Yoast SEO plugin. -->","yoast_head_json":{"title":"Interdisciplinary Coordination | TR\u00c5D AS","description":"We coordinate stage tech with architects and engineers. TR\u00c5D AS ensures seamless integration and fewer technical conflicts during construction.","robots":{"index":"index","follow":"follow","max-snippet":"max-snippet:-1","max-image-preview":"max-image-preview:large","max-video-preview":"max-video-preview:-1"},"canonical":"https:\/\/tekraad.no\/en\/services\/coordination\/","og_locale":"en_GB","og_type":"article","og_title":"Tverrfaglig koordinering for AV og sceneteknikk | TR\u00c5D AS","og_description":"TR\u00c5D AS koordinerer tekniske fag i byggeprosjekter for s\u00f8ml\u00f8s integrasjon av AV, lyd, lys, scene og mekanikk \u2013 fra plan til bygging.","og_url":"https:\/\/tekraad.no\/en\/services\/coordination\/","og_site_name":"TR\u00c5D AS","article_publisher":"https:\/\/www.facebook.com\/traadface\/?locale=nb_NO","article_modified_time":"2026-01-26T10:02:23+00:00","og_image":[{"width":2048,"height":1365,"url":"https:\/\/tekraad.no\/wp-content\/uploads\/2026\/01\/Koordinering-1.jpg","type":"image\/jpeg"}],"twitter_card":"summary_large_image","twitter_misc":{"Estimated reading time":"1 minute"},"schema":{"@context":"https:\/\/schema.org","@graph":[{"@type":"WebPage","@id":"https:\/\/tekraad.no\/tjenester\/koordinering\/","url":"https:\/\/tekraad.no\/tjenester\/koordinering\/","name":"Interdisciplinary Coordination | TR\u00c5D AS","isPartOf":{"@id":"https:\/\/tekraad.no\/#website"},"primaryImageOfPage":{"@id":"https:\/\/tekraad.no\/tjenester\/koordinering\/#primaryimage"},"image":{"@id":"https:\/\/tekraad.no\/tjenester\/koordinering\/#primaryimage"},"thumbnailUrl":"https:\/\/tekraad.no\/wp-content\/uploads\/2026\/01\/Koordinering-1.jpg","datePublished":"2025-10-31T12:51:04+00:00","dateModified":"2026-01-26T10:02:23+00:00","description":"We coordinate stage tech with architects and engineers. TR\u00c5D AS ensures seamless integration and fewer technical conflicts during construction.","breadcrumb":{"@id":"https:\/\/tekraad.no\/tjenester\/koordinering\/#breadcrumb"},"inLanguage":"en-GB","potentialAction":[{"@type":"ReadAction","target":["https:\/\/tekraad.no\/tjenester\/koordinering\/"]}]},{"@type":"ImageObject","inLanguage":"en-GB","@id":"https:\/\/tekraad.no\/tjenester\/koordinering\/#primaryimage","url":"https:\/\/tekraad.no\/wp-content\/uploads\/2026\/01\/Koordinering-1.jpg","contentUrl":"https:\/\/tekraad.no\/wp-content\/uploads\/2026\/01\/Koordinering-1.jpg","width":2048,"height":1365,"caption":"Tre personer sitter rundt et m\u00f8tebord og diskuterer tekniske tegninger. En stor skjerm p\u00e5 veggen viser en detaljert plantegning av et rom med tekniske spesifikasjoner."},{"@type":"BreadcrumbList","@id":"https:\/\/tekraad.no\/tjenester\/koordinering\/#breadcrumb","itemListElement":[{"@type":"ListItem","position":1,"name":"Hjem","item":"https:\/\/tekraad.no\/"},{"@type":"ListItem","position":2,"name":"Tjenester","item":"https:\/\/tekraad.no\/tjenester\/"},{"@type":"ListItem","position":3,"name":"Koordinering"}]},{"@type":"WebSite","@id":"https:\/\/tekraad.no\/#website","url":"https:\/\/tekraad.no\/","name":"TR\u00c5D AS","description":"Teknisk r\u00e5dgivning innen lyd, lys, bilde og scene","publisher":{"@id":"https:\/\/tekraad.no\/#organization"},"alternateName":"TR\u00c5D AS","potentialAction":[{"@type":"SearchAction","target":{"@type":"EntryPoint","urlTemplate":"https:\/\/tekraad.no\/?s={search_term_string}"},"query-input":{"@type":"PropertyValueSpecification","valueRequired":true,"valueName":"search_term_string"}}],"inLanguage":"en-GB"},{"@type":"Organization","@id":"https:\/\/tekraad.no\/#organization","name":"TR\u00c5D AS","alternateName":"TR\u00c5D AS","url":"https:\/\/tekraad.no\/","logo":{"@type":"ImageObject","inLanguage":"en-GB","@id":"https:\/\/tekraad.no\/#\/schema\/logo\/image\/","url":"https:\/\/tekraad.no\/wp-content\/uploads\/2025\/10\/Logo-hvit-tekst-u-bakgrunn-e1763987293366.png","contentUrl":"https:\/\/tekraad.no\/wp-content\/uploads\/2025\/10\/Logo-hvit-tekst-u-bakgrunn-e1763987293366.png","width":1450,"height":602,"caption":"TR\u00c5D AS"},"image":{"@id":"https:\/\/tekraad.no\/#\/schema\/logo\/image\/"},"sameAs":["https:\/\/www.facebook.com\/traadface\/?locale=nb_NO","https:\/\/no.linkedin.com\/company\/tekraad"]}]}},"_links":{"self":[{"href":"https:\/\/tekraad.no\/en\/wp-json\/wp\/v2\/pages\/33","targetHints":{"allow":["GET"]}}],"collection":[{"href":"https:\/\/tekraad.no\/en\/wp-json\/wp\/v2\/pages"}],"about":[{"href":"https:\/\/tekraad.no\/en\/wp-json\/wp\/v2\/types\/page"}],"author":[{"embeddable":true,"href":"https:\/\/tekraad.no\/en\/wp-json\/wp\/v2\/users\/1"}],"replies":[{"embeddable":true,"href":"https:\/\/tekraad.no\/en\/wp-json\/wp\/v2\/comments?post=33"}],"version-history":[{"count":5,"href":"https:\/\/tekraad.no\/en\/wp-json\/wp\/v2\/pages\/33\/revisions"}],"predecessor-version":[{"id":804,"href":"https:\/\/tekraad.no\/en\/wp-json\/wp\/v2\/pages\/33\/revisions\/804"}],"up":[{"embeddable":true,"href":"https:\/\/tekraad.no\/en\/wp-json\/wp\/v2\/pages\/19"}],"wp:featuredmedia":[{"embeddable":true,"href":"https:\/\/tekraad.no\/en\/wp-json\/wp\/v2\/media\/1147"}],"wp:attachment":[{"href":"https:\/\/tekraad.no\/en\/wp-json\/wp\/v2\/media?parent=33"}],"wp:term":[{"taxonomy":"mal-kategori","embeddable":true,"href":"https:\/\/tekraad.no\/en\/wp-json\/wp\/v2\/mal-kategori?post=33"}],"curies":[{"name":"wp","href":"https:\/\/api.w.org\/{rel}","templated":true}]}}